{"id":2287,"date":"2021-11-16T18:57:37","date_gmt":"2021-11-16T18:57:37","guid":{"rendered":"https:\/\/seestlokalhistoriskeforening.dk\/?page_id=2287"},"modified":"2021-12-26T18:57:22","modified_gmt":"2021-12-26T18:57:22","slug":"juleafslutning-2021","status":"publish","type":"page","link":"https:\/\/seestlokalhistoriskeforening.dk\/?page_id=2287","title":{"rendered":"Juleafslutning 2021"},"content":{"rendered":"<h4 style=\"text-align: center;\">Foreningens julem\u00f8de den 6. dec. 2021, der blev afholdt i sognehuset, havde samlet 38 medlemmer ud af de 42 tilmeldte.<\/h4>\n<h4 style=\"text-align: center;\">Desv\u00e6rre gjorde coronaen sig p\u00e5 ny g\u00e6ldende, der bet\u00f8d at fire medlemmer valgte at melde afbud.Traditionen tro blev der serveret gl\u00f8gg og \u00e6bleskiver, kaffe og andet. Bordene var pyntet med gran, lys og nisser. Kort sagt: det emmede af jul. Der var ingen g\u00e6stetaler ved julem\u00f8det. Bestyrelsen havde valgt at lade medlemmerne komme med indslag i form af en lille historie fra hverdagen.<\/h4>\n<h4 style=\"text-align: center;\">Som s\u00e5 ofte, og nok engang, underholdt Knud S\u00f8rensen. Denne gang havde Knud valgt at lave et PowerPoint program med forskellige danske sange, hvortil han forklarede sangenes oprindelse og betydning. S\u00e6rligt omtalt blev Glade jul, dejlige jul, der blev sunget juleaftensdag, da kanonerne blev tavse, under f\u00f8rste verdenskrig. Derfor en stor tak til Knud S\u00f8rensen for et underholdende program. Der skal ogs\u00e5 lyde en stor tak til de to k\u00f8kkenpiger Ulla og Vera samt en stor tak til Preben S\u00f8egaard, der til trods et nyligt sygehusophold fandt kr\u00e6fter til at komme og tage sig af det tekniske.<\/h4>\n<h4 style=\"text-align: center;\">Sidst, men ikke mindst, skal der lyde en stor tak til medlemmerne for den store opbakning, hvor fire kunne bringe en flot pr\u00e6mie med hjem.<\/h4>\n<p><a href=\"https:\/\/seestlokalhistoriskeforening.dk\/wp-content\/uploads\/2021\/11\/DSC_0372.jpg\"><img loading=\"lazy\" decoding=\"async\" class=\"alignleft size-thumbnail wp-image-2295\" src=\"https:\/\/seestlokalhistoriskeforening.dk\/wp-content\/uploads\/2021\/11\/DSC_0372-200x133.jpg\" alt=\"DSC_0372\" width=\"200\" height=\"133\" srcset=\"https:\/\/seestlokalhistoriskeforening.dk\/wp-content\/uploads\/2021\/11\/DSC_0372-200x133.jpg 200w, https:\/\/seestlokalhistoriskeforening.dk\/wp-content\/uploads\/2021\/11\/DSC_0372-300x199.jpg 300w, https:\/\/seestlokalhistoriskeforening.dk\/wp-content\/uploads\/2021\/11\/DSC_0372-768x510.jpg 768w, https:\/\/seestlokalhistoriskeforening.dk\/wp-content\/uploads\/2021\/11\/DSC_0372-1024x681.jpg 1024w\" sizes=\"auto, (max-width: 200px) 100vw, 200px\" \/><\/a> <a href=\"https:\/\/seestlokalhistoriskeforening.dk\/wp-content\/uploads\/2021\/11\/DSC_0375.jpg\"><img loading=\"lazy\" decoding=\"async\" class=\"alignleft size-thumbnail wp-image-2296\" src=\"https:\/\/seestlokalhistoriskeforening.dk\/wp-content\/uploads\/2021\/11\/DSC_0375-200x133.jpg\" alt=\"DSC_0375\" width=\"200\" height=\"133\" srcset=\"https:\/\/seestlokalhistoriskeforening.dk\/wp-content\/uploads\/2021\/11\/DSC_0375-200x133.jpg 200w, https:\/\/seestlokalhistoriskeforening.dk\/wp-content\/uploads\/2021\/11\/DSC_0375-300x199.jpg 300w, https:\/\/seestlokalhistoriskeforening.dk\/wp-content\/uploads\/2021\/11\/DSC_0375-768x510.jpg 768w, https:\/\/seestlokalhistoriskeforening.dk\/wp-content\/uploads\/2021\/11\/DSC_0375-1024x681.jpg 1024w\" sizes=\"auto, (max-width: 200px) 100vw, 200px\" \/><\/a> <a href=\"https:\/\/seestlokalhistoriskeforening.dk\/wp-content\/uploads\/2021\/11\/DSC_0377.jpg\"><img loading=\"lazy\" decoding=\"async\" class=\"alignleft size-thumbnail wp-image-2297\" src=\"https:\/\/seestlokalhistoriskeforening.dk\/wp-content\/uploads\/2021\/11\/DSC_0377-200x133.jpg\" alt=\"DSC_0377\" width=\"200\" height=\"133\" srcset=\"https:\/\/seestlokalhistoriskeforening.dk\/wp-content\/uploads\/2021\/11\/DSC_0377-200x133.jpg 200w, https:\/\/seestlokalhistoriskeforening.dk\/wp-content\/uploads\/2021\/11\/DSC_0377-300x199.jpg 300w, https:\/\/seestlokalhistoriskeforening.dk\/wp-content\/uploads\/2021\/11\/DSC_0377-768x510.jpg 768w, https:\/\/seestlokalhistoriskeforening.dk\/wp-content\/uploads\/2021\/11\/DSC_0377-1024x681.jpg 1024w\" sizes=\"auto, (max-width: 200px) 100vw, 200px\" \/><\/a> <a href=\"https:\/\/seestlokalhistoriskeforening.dk\/wp-content\/uploads\/2021\/11\/Julem\u00f8de-6.12.2021.jpg\"><img loading=\"lazy\" decoding=\"async\" class=\"alignleft size-thumbnail wp-image-2298\" src=\"https:\/\/seestlokalhistoriskeforening.dk\/wp-content\/uploads\/2021\/11\/Julem\u00f8de-6.12.2021-200x133.jpg\" alt=\"Julem\u00f8de 6.12.2021\" width=\"200\" height=\"133\" srcset=\"https:\/\/seestlokalhistoriskeforening.dk\/wp-content\/uploads\/2021\/11\/Julem\u00f8de-6.12.2021-200x133.jpg 200w, https:\/\/seestlokalhistoriskeforening.dk\/wp-content\/uploads\/2021\/11\/Julem\u00f8de-6.12.2021-300x199.jpg 300w, https:\/\/seestlokalhistoriskeforening.dk\/wp-content\/uploads\/2021\/11\/Julem\u00f8de-6.12.2021-768x510.jpg 768w, https:\/\/seestlokalhistoriskeforening.dk\/wp-content\/uploads\/2021\/11\/Julem\u00f8de-6.12.2021-1024x681.jpg 1024w\" sizes=\"auto, (max-width: 200px) 100vw, 200px\" \/><\/a><\/p>\n","protected":false},"excerpt":{"rendered":"<p>Foreningens julem\u00f8de den 6. dec. 2021, der blev afholdt i sognehuset, havde samlet 38 medlemmer ud af de 42 tilmeldte. Desv\u00e6rre gjorde coronaen sig p\u00e5 ny g\u00e6ldende, der bet\u00f8d at fire medlemmer valgte at melde afbud.Traditionen tro blev der serveret gl\u00f8gg og \u00e6bleskiver, kaffe og andet. Bordene var pyntet med gran, lys og nisser. Kort [&hellip;]<\/p>\n","protected":false},"author":1,"featured_media":0,"parent":0,"menu_order":0,"comment_status":"closed","ping_status":"closed","template":"","meta":{"footnotes":""},"class_list":["post-2287","page","type-page","status-publish","czr-hentry"],"_links":{"self":[{"href":"https:\/\/seestlokalhistoriskeforening.dk\/index.php?rest_route=\/wp\/v2\/pages\/2287","targetHints":{"allow":["GET"]}}],"collection":[{"href":"https:\/\/seestlokalhistoriskeforening.dk\/index.php?rest_route=\/wp\/v2\/pages"}],"about":[{"href":"https:\/\/seestlokalhistoriskeforening.dk\/index.php?rest_route=\/wp\/v2\/types\/page"}],"author":[{"embeddable":true,"href":"https:\/\/seestlokalhistoriskeforening.dk\/index.php?rest_route=\/wp\/v2\/users\/1"}],"replies":[{"embeddable":true,"href":"https:\/\/seestlokalhistoriskeforening.dk\/index.php?rest_route=%2Fwp%2Fv2%2Fcomments&post=2287"}],"version-history":[{"count":6,"href":"https:\/\/seestlokalhistoriskeforening.dk\/index.php?rest_route=\/wp\/v2\/pages\/2287\/revisions"}],"predecessor-version":[{"id":2299,"href":"https:\/\/seestlokalhistoriskeforening.dk\/index.php?rest_route=\/wp\/v2\/pages\/2287\/revisions\/2299"}],"wp:attachment":[{"href":"https:\/\/seestlokalhistoriskeforening.dk\/index.php?rest_route=%2Fwp%2Fv2%2Fmedia&parent=2287"}],"curies":[{"name":"wp","href":"https:\/\/api.w.org\/{rel}","templated":true}]}}