{"id":1763,"date":"2018-04-08T14:22:58","date_gmt":"2018-04-08T14:22:58","guid":{"rendered":"https:\/\/seestlokalhistoriskeforening.dk\/?page_id=1763"},"modified":"2018-04-08T14:36:51","modified_gmt":"2018-04-08T14:36:51","slug":"generalforsamling-2018","status":"publish","type":"page","link":"https:\/\/seestlokalhistoriskeforening.dk\/?page_id=1763","title":{"rendered":"Generalforsamling 2018"},"content":{"rendered":"<p><strong>\u00a0<\/strong><\/p>\n<h3 style=\"text-align: center;\"><strong>Referat fra generalforsamlingen den 26. marts 2018 <\/strong><\/h3>\n<p><strong>Beretning l\u00e6ngere nede p\u00e5 siden, efter billederne.<\/strong><\/p>\n<p><u>Punkt 1. p\u00e5 dagsordenen: Valg af dirigent:<\/u> Bestyrelsen anbefalede Gunnar Storm Thomsen, der blev valgt uden modkandidat.<\/p>\n<p><u>Punkt 2. Beretning:<\/u> Beretningen, der blev godkendt uden bem\u00e6rkninger, blev l\u00e6st op af J\u00f8rgen Hansen.<\/p>\n<p><u>Punkt 3. Freml\u00e6ggelse af det reviderede regnskab og budget:<\/u> S\u00e5vel regnskab som budget blev godkendt, dog med bem\u00e6rkningen om ikke der skulle to revisorers underskrifter til. Dirigenten kunne oplyse, at det havde v\u00e6ret foreningens procedure hidtil. Sp\u00f8rgeren gav efterf\u00f8lgende udtryk for tilfredshed med svaret.<\/p>\n<p><u>Punkt 4. Indkomne forslag:<\/u> Der var ikke indkommet forslag.<\/p>\n<p><u>Punkt 5.Fasts\u00e6ttelse af kontingent for regnskabs\u00e5ret 2019:<\/u> Bestyrelsen foreslog u\u00e6ndret kontingent for regnskabs\u00e5ret 2019, der blev vedtaget.<\/p>\n<p><u>Punkt 6. Valg af to bestyrelsesmedlemmer for 2. \u00e5r: <\/u>P\u00e5 valg var Torben Pedersen, der ikke modtog genvalg. Nyvalgt til bestyrelsen blev Preben S\u00f8egaard. Erling Poulsen modtog genvalg.<\/p>\n<p><u>Valg af to suppleanter:<\/u> P\u00e5 valg var Anette Astrup og J\u00f8rgen Hansen, der begge blev genvalgt.<\/p>\n<p><u>Valg af revisor og revisor suppleant:<\/u> P\u00e5 valg som revisor Tove Pedersen, der blev genvalgt. Som revisor suppleant blev Jeanette Baun Rasmussen valgt. Ud tr\u00e5dte Preben S\u00f8egaard, der afl\u00f8ste Torben Pedersen i bestyrelsen.<\/p>\n<p><u>Punkt 7. Evt.:<\/u> Der var ikke nogen egentlige sp\u00f8rgsm\u00e5l under eventuelt, hvorefter dirigenten gav J\u00f8rgen Hansen ordet for en afsluttende bem\u00e6rkning.<\/p>\n<p>Med stor respekt for medlemmernes engagement i foreningen, samt alle der p\u00e5 en eller anden m\u00e5de bidrog til foreningens trivsel, takkede J\u00f8rgen Hansen p\u00e5 vegne af bestyrelsen. En s\u00e6rlig tak blev tildelt Torben Pedersen for lang og tro tjeneste for foreningen. Ligeledes blev Preben S\u00f8egaard og Jeanette Baun Rasmussen budt velkommen til det forest\u00e5ende arbejde i bestyrelsen. Sluttelig henviste J\u00f8rgen Hansen til Ludvig Dalls guidede biltur: \u201dP\u00e5 m\u00e6lketur fra krigergrav til Kolding Andelsmejeri\u201d, der finder sted den onsdag den 9. maj. Herom ved en senere indbydelse. Herefter spillede Knud S\u00f8rensen til sangen \u2019N\u00e5r vinteren rinder i gr\u00f8ft og i grav\u2019, hvorefter der var kaffebord.<\/p>\n<p>Efter Kaffepausen var der foredrag ved Gunnar Ebbesen \u201dFra Slotsm\u00f8llen til L\u00e5sbyh\u00f8j\u201d, en sp\u00e6ndende tur gennem bl. a. L\u00e5sbygade. Man fornemmede fra starten Gunnar Ebbesens forarbejde forud for fort\u00e6llingen. Med stor viden <em>\u2019og lune\u2019<\/em> f\u00f8rte Gunnar Ebbesen forsamlingen til m\u00e5let p\u00e5 L\u00e5sbyh\u00f8j. Aftenen sluttede med sangen \u2019 Den danske sang er en ung, blond pige\u2019, hvortil Knud S\u00f8rensen spillede.<\/p>\n<p><a href=\"https:\/\/seestlokalhistoriskeforening.dk\/wp-content\/uploads\/2018\/04\/DSC_0044.jpg\"><img loading=\"lazy\" decoding=\"async\" class=\"alignleft wp-image-1769\" src=\"https:\/\/seestlokalhistoriskeforening.dk\/wp-content\/uploads\/2018\/04\/DSC_0044-150x150.jpg\" alt=\"DSC_0044\" width=\"200\" height=\"133\" srcset=\"https:\/\/seestlokalhistoriskeforening.dk\/wp-content\/uploads\/2018\/04\/DSC_0044-300x199.jpg 300w, https:\/\/seestlokalhistoriskeforening.dk\/wp-content\/uploads\/2018\/04\/DSC_0044-768x510.jpg 768w, https:\/\/seestlokalhistoriskeforening.dk\/wp-content\/uploads\/2018\/04\/DSC_0044-1024x681.jpg 1024w\" sizes=\"auto, (max-width: 200px) 100vw, 200px\" \/><\/a> <a href=\"https:\/\/seestlokalhistoriskeforening.dk\/wp-content\/uploads\/2018\/04\/DSC_0045.jpg\"><img loading=\"lazy\" decoding=\"async\" class=\"alignleft wp-image-1770\" src=\"https:\/\/seestlokalhistoriskeforening.dk\/wp-content\/uploads\/2018\/04\/DSC_0045-150x150.jpg\" alt=\"DSC_0045\" width=\"200\" height=\"133\" srcset=\"https:\/\/seestlokalhistoriskeforening.dk\/wp-content\/uploads\/2018\/04\/DSC_0045-300x199.jpg 300w, https:\/\/seestlokalhistoriskeforening.dk\/wp-content\/uploads\/2018\/04\/DSC_0045-768x510.jpg 768w, https:\/\/seestlokalhistoriskeforening.dk\/wp-content\/uploads\/2018\/04\/DSC_0045-1024x681.jpg 1024w\" sizes=\"auto, (max-width: 200px) 100vw, 200px\" \/><\/a> <a href=\"https:\/\/seestlokalhistoriskeforening.dk\/wp-content\/uploads\/2018\/04\/DSC_0046.jpg\"><img loading=\"lazy\" decoding=\"async\" class=\"alignleft wp-image-1771\" src=\"https:\/\/seestlokalhistoriskeforening.dk\/wp-content\/uploads\/2018\/04\/DSC_0046-150x150.jpg\" alt=\"DSC_0046\" width=\"200\" height=\"133\" srcset=\"https:\/\/seestlokalhistoriskeforening.dk\/wp-content\/uploads\/2018\/04\/DSC_0046-300x199.jpg 300w, https:\/\/seestlokalhistoriskeforening.dk\/wp-content\/uploads\/2018\/04\/DSC_0046-768x510.jpg 768w, https:\/\/seestlokalhistoriskeforening.dk\/wp-content\/uploads\/2018\/04\/DSC_0046-1024x681.jpg 1024w\" sizes=\"auto, (max-width: 200px) 100vw, 200px\" \/><\/a> <a href=\"https:\/\/seestlokalhistoriskeforening.dk\/wp-content\/uploads\/2018\/04\/DSC_0047.jpg\"><img loading=\"lazy\" decoding=\"async\" class=\"alignleft wp-image-1772\" src=\"https:\/\/seestlokalhistoriskeforening.dk\/wp-content\/uploads\/2018\/04\/DSC_0047-150x150.jpg\" alt=\"DSC_0047\" width=\"200\" height=\"133\" srcset=\"https:\/\/seestlokalhistoriskeforening.dk\/wp-content\/uploads\/2018\/04\/DSC_0047-300x199.jpg 300w, https:\/\/seestlokalhistoriskeforening.dk\/wp-content\/uploads\/2018\/04\/DSC_0047-768x510.jpg 768w, https:\/\/seestlokalhistoriskeforening.dk\/wp-content\/uploads\/2018\/04\/DSC_0047-1024x681.jpg 1024w\" sizes=\"auto, (max-width: 200px) 100vw, 200px\" \/><\/a><\/p>\n<p>&nbsp;<\/p>\n<p>&nbsp;<\/p>\n<p>&nbsp;<\/p>\n<p>&nbsp;<\/p>\n<p>&nbsp;<\/p>\n<p>&nbsp;<\/p>\n<p>&nbsp;<\/p>\n<p>&nbsp;<\/p>\n<h3 style=\"text-align: center;\"><strong>Beretning for <em>Seest<\/em> <em>Lokalhistoriske Forenings<\/em>\u00a0 ordin\u00e6re generalforsamling afholdt mandag den 26. marts 2018 i Sognehuset Kirketoft 2.<\/strong><\/h3>\n<p>Foreningslivet i Seest har gennem \u00e5rene v\u00e6ret kendetegnet ved sin mangfoldighed og forskellighed. S\u00e5dan er det ikke l\u00e6ngere med mangfoldigheden. I 2017 blev Seest en forening mindre idet borgerforeningen oph\u00f8rte efter godt 10 \u00e5rs virke, hvilket skete i forbindelse med Bakkeskolens udvidelse. Foreningens ildsj\u00e6lene m\u00e5tte se deres lokaler inddraget til skolebrug uden henvisning til andre lokaler.<\/p>\n<p>Der skal lyde en stor tak til Borgerforenings sidst siddende bestyrelse, der tildelte Seest Lokalhistoriske Forening ikke s\u00e5 f\u00e5 midler efter foreningens oph\u00f8r, hvilket vil fremg\u00e5 af regnskabet. Vi kan s\u00e5 gl\u00e6de os over, hvad Seest-samling har form\u00e5et at f\u00e5 ud af arealerne til deres mange aktiviteter. Det m\u00e5 siges at v\u00e6re imponerende. Desv\u00e6rre har der v\u00e6ret \u00f8vet h\u00e6rv\u00e6rk p\u00e5 stedet.<\/p>\n<p><strong>Det kr\u00e6ver flid og slid at v\u00e6re en forening i dag.<\/strong> Tilbuddene til borgerne er mangfoldige. Enhver forening og institution med respekt for sine medlemmer, afholder \u00a0\u00a0foredrag, film, bes\u00f8g p\u00e5 virksomheder m.v. Aftenskolerne ikke at forglemme.<\/p>\n<p><u>Derfor! Vi kan ikke undg\u00e5 at bev\u00e6ge os uden for Seest s\u00e5fremt vi fortsat kan byde p\u00e5 bl.a. foredrag.<\/u><\/p>\n<p><b><i>Hvad g\u00f8r vi her i Seest Lokalhistoriske Forening?<\/i><\/b><\/p>\n<p><b><\/b><i><\/i>Vi g\u00f8r stort set det samme som hidtil. Ser vi tilbage p\u00e5 2017 har vi haft otte aktiviteter, hvori medlemmerne har deltaget.\u00a0 Efter deltagerantallet at d\u00f8mme, er det ikke s\u00e5 ringe endda. Gennem \u00e5rene har der i alt v\u00e6ret 44 aktiviteter. Men vi vil gerne noget mere. Noget nyt. Derfor beder vi medlemmerne byde ind med gode ideer til evt. fornyelser. Vi m\u00e5 erkende, at emner om Seest har v\u00e6ret begr\u00e6nset til to personer, nemlig Ludvig Dall og Per Thornberg, der begge har v\u00e6ret p\u00e5 banen i 2017.<\/p>\n<p>Der har v\u00e6ret kontakt til andre med kendskab til Seest, men de er udeblevet. P\u00e5 arkivet og p\u00e5 hjemmesiden findes der billeder og tekst fra samtlige aktiviteter.<\/p>\n<p>&nbsp;<\/p>\n<p><strong>I sommerperioden<\/strong> har vi haft samarbejde med KVARTERHUSET p\u00e5 Junghansvej, der i to omgange har haft en artikel i \u201dSydvesten\u201d om vores virke<em>. <\/em>Ophavsmanden til samarbejdet var ansvarshavende for Sydvesten Henning Hansen. F\u00f8rste del af omtalen i Sydvesten var i juniudgaven, anden del i augustudgaven. Begge blade kan ses p\u00e5 arkivet, der er \u00e5ben f\u00f8rste tirsdag i m\u00e5neden kl. 16-18.<\/p>\n<p>Vi har ligeledes samarbejdet med de lokale arkiver om 750\u00e5ret for Koldinghus i 2018, hvortil vi bl.a. har f\u00e5et fremstillet plancher, der omhandler Rytterskolen og dramaet p\u00e5 Skovdruplund. Et projekt vi blev bedt om at indg\u00e5 i. Tilrettel\u00e6gger for arkiverne og arrangementet er Poul Berrig \u2013 Vamdrup. Det blev til ikke s\u00e5 f\u00e5 m\u00f8der og k\u00f8rte kilometer. Til projektet yder Kolding Kommune et tilskud p\u00e5 40.000kr. Arne og J\u00f8rgen Hansen stod for Seest delen.<\/p>\n<p>Der har v\u00e6ret en del korrespondance med en af efterkommerne af Vang M\u00f8llers Gartneri, bosiddende i Liseleje. Desv\u00e6rre f\u00f8lte vedkommende sig ikke i stand til at holde et foredrag om det ellers tidligere s\u00e5 store gartneri. Det blev dog til lidt billeder. Vi har modtaget til serien \u201dHvor blev de af\u201d erindringer fra Kirsten Borden (f\u00f8dt Ravn der var bosiddende Seestvej 1). Hendes fantastiske livshistorie kan ses p\u00e5 arkivet.<\/p>\n<p>Vi har s\u00f8gt Velux fonden om midler til et nyt computerudstyr til bl.a. arkivering, hvilket er et krav s\u00e5fremt vi \u00f8nsker det kommunale tilskud bibeholdt. Ans\u00f8gningen gav pote, Velux Fonden tildelte foreningen 14.400kr. Dette er nu etableret og ibrugtaget.<\/p>\n<p><strong>Hjemmesiden.<\/strong><\/p>\n<p>Der har, med rette, v\u00e6ret rettet henvendelse til foreningens formand Arne Hansen med sp\u00f8rgsm\u00e5let: <strong><em>Hvem<\/em><\/strong> <strong><em>er foreningens Webmaster?<\/em><\/strong> Svaret p\u00e5 sp\u00f8rgsm\u00e5let er: Det er J\u00f8rgen Hansen. Han er foreningens <strong><em>Webmaster<\/em><\/strong>. Kort fortalt: han ejer dom\u00e6nenavnet <strong><em>Seest Lokalhistoriske Forening<\/em><\/strong>. Til at betjene hjemmesiden har han en<strong><em> Web Administrator<\/em><\/strong> som er, og altid har v\u00e6ret, Preben S\u00f8egaard. Han kan, via en kode, l\u00e5se hjemmesiden op og inds\u00e6tte, hvad Webmasteren beder ham om.<\/p>\n<p><u>Alt vedr\u00f8rende hjemmesiden oplyses bestyrelsen og foreg\u00e5r i samarbejde med bestyrelsen.<\/u><\/p>\n<p>Foreningen, der er blevet et \u00e5r \u00e6ldre, t\u00e6ller i dag 105 medlemmer, der alle er drivkraften bag Seest Lokalhistoriske Forening.<\/p>\n<p>&nbsp;<\/p>\n<p><u>\u00a0<\/u><\/p>\n<p>&nbsp;<\/p>\n","protected":false},"excerpt":{"rendered":"<p>\u00a0 Referat fra generalforsamlingen den 26. marts 2018 Beretning l\u00e6ngere nede p\u00e5 siden, efter billederne. Punkt 1. p\u00e5 dagsordenen: Valg af dirigent: Bestyrelsen anbefalede Gunnar Storm Thomsen, der blev valgt uden modkandidat. Punkt 2. Beretning: Beretningen, der blev godkendt uden bem\u00e6rkninger, blev l\u00e6st op af J\u00f8rgen Hansen. Punkt 3. Freml\u00e6ggelse af det reviderede regnskab og [&hellip;]<\/p>\n","protected":false},"author":1,"featured_media":0,"parent":0,"menu_order":0,"comment_status":"closed","ping_status":"closed","template":"","meta":{"footnotes":""},"class_list":["post-1763","page","type-page","status-publish","czr-hentry"],"_links":{"self":[{"href":"https:\/\/seestlokalhistoriskeforening.dk\/index.php?rest_route=\/wp\/v2\/pages\/1763","targetHints":{"allow":["GET"]}}],"collection":[{"href":"https:\/\/seestlokalhistoriskeforening.dk\/index.php?rest_route=\/wp\/v2\/pages"}],"about":[{"href":"https:\/\/seestlokalhistoriskeforening.dk\/index.php?rest_route=\/wp\/v2\/types\/page"}],"author":[{"embeddable":true,"href":"https:\/\/seestlokalhistoriskeforening.dk\/index.php?rest_route=\/wp\/v2\/users\/1"}],"replies":[{"embeddable":true,"href":"https:\/\/seestlokalhistoriskeforening.dk\/index.php?rest_route=%2Fwp%2Fv2%2Fcomments&post=1763"}],"version-history":[{"count":4,"href":"https:\/\/seestlokalhistoriskeforening.dk\/index.php?rest_route=\/wp\/v2\/pages\/1763\/revisions"}],"predecessor-version":[{"id":1774,"href":"https:\/\/seestlokalhistoriskeforening.dk\/index.php?rest_route=\/wp\/v2\/pages\/1763\/revisions\/1774"}],"wp:attachment":[{"href":"https:\/\/seestlokalhistoriskeforening.dk\/index.php?rest_route=%2Fwp%2Fv2%2Fmedia&parent=1763"}],"curies":[{"name":"wp","href":"https:\/\/api.w.org\/{rel}","templated":true}]}}