{"id":1741,"date":"2018-02-02T10:50:28","date_gmt":"2018-02-02T10:50:28","guid":{"rendered":"https:\/\/seestlokalhistoriskeforening.dk\/?page_id=1741"},"modified":"2019-01-30T17:31:49","modified_gmt":"2019-01-30T17:31:49","slug":"arrangementer-2018","status":"publish","type":"page","link":"https:\/\/seestlokalhistoriskeforening.dk\/?page_id=1741","title":{"rendered":"Arrangementer 2018"},"content":{"rendered":"<h3 style=\"text-align: center; padding-left: 30px;\"><strong>Hermed indkaldes til\u00a0<\/strong><\/h3>\n<h3 style=\"text-align: center;\"><strong>ordin\u00e6r generalforsamling<\/strong><\/h3>\n<h3 style=\"text-align: center;\"><strong>i Sognehuset, Kirketoft 2<\/strong><\/h3>\n<h3 style=\"text-align: center;\"><strong>mandag den 26. marts 2018 kl. 19:00<\/strong><\/h3>\n<h4 style=\"text-align: center;\">Eventuelle forslag skal v\u00e6re formanden i h\u00e6nde senest 7 dage f\u00f8r generalforsamlingen.<\/h4>\n<h4 style=\"text-align: center;\">Forslag til vedt\u00e6gts\u00e6ndringer dog 1 m\u00e5ned f\u00f8r.<\/h4>\n<p style=\"text-align: center;\">Efter generalforsamlingen er der foredrag ved Gunnar Ebbesen<\/p>\n<h3 style=\"text-align: center;\">En guidet tur:<\/h3>\n<h3 style=\"text-align: center;\">&#8220;fra Slotsm\u00f8llen til L\u00e5sbyh\u00f8j&#8221;<\/h3>\n<p style=\"text-align: center;\">Af hensyn til traktement bedes du tilmelde dig til:<\/p>\n<p style=\"text-align: center;\">Erling Poulsen p\u00e5 tlf. 7552 2925 eller mail: erling.poulsen@stofanet.dk<\/p>\n<p style=\"text-align: center;\">senest den 23. marts 2018<\/p>\n<h3 style=\"text-align: center;\"><strong>Kun for medlemmer<\/strong><\/h3>\n<p style=\"text-align: center;\">Mvh bestyrelsen<\/p>\n<h3 style=\"text-align: center;\">Dagsorden<\/h3>\n<p style=\"padding-left: 570px;\">\u00a0 1. Valg af dirigent<\/p>\n<p style=\"padding-left: 570px;\">\u00a0 2. Beretning<\/p>\n<p style=\"padding-left: 570px;\">\u00a0 3. Freml\u00e6ggelse af det reviderede regnskab<\/p>\n<p style=\"padding-left: 570px;\">\u00a0 4. Behandling af indkomne forslag<\/p>\n<p>\u00a0 \u00a0 \u00a0 \u00a0 \u00a0 \u00a0 \u00a0 \u00a0 \u00a0 \u00a0 \u00a0 \u00a0 \u00a0 \u00a0 \u00a0 \u00a0 \u00a0 \u00a0 \u00a0 \u00a0 \u00a0 \u00a0 \u00a0 \u00a0 \u00a0 \u00a0 \u00a0 \u00a0 \u00a0 \u00a0 \u00a0 \u00a0 \u00a0 \u00a0 \u00a0 \u00a0 \u00a0 \u00a0 \u00a0 \u00a0 \u00a0 \u00a0 \u00a0 \u00a0 \u00a0 \u00a0 \u00a0 \u00a0 \u00a0 \u00a0 \u00a0 \u00a0 \u00a0 \u00a0 \u00a0 \u00a0 \u00a0 \u00a0 \u00a0 \u00a0 \u00a0 \u00a0 \u00a0 \u00a0 \u00a0 \u00a0 \u00a0 \u00a0 \u00a0 \u00a0\u00a0 5. Fasts\u00e6ttelse af kontingent for regnskabs\u00e5ret 2019<\/p>\n<p style=\"padding-left: 570px;\">\u00a0 6. Valg af 2 bestyrelsesmedlemmer for 2 \u00e5r<\/p>\n<p style=\"text-align: left; padding-left: 330px;\">\u00a0 \u00a0 \u00a0 \u00a0 \u00a0 \u00a0 \u00a0 \u00a0 \u00a0 \u00a0 \u00a0 \u00a0 \u00a0 \u00a0 \u00a0 \u00a0 \u00a0 \u00a0 \u00a0 \u00a0 \u00a0 \u00a0 \u00a0 \u00a0 \u00a0 \u00a0 \u00a0 \u00a0 \u00a0 \u00a0 \u00a0 \u00a0\u00a0 P\u00e5 valg er: Torben Pedersen, modtager ikke genvalg<\/p>\n<p style=\"text-align: left; padding-left: 390px;\">\u00a0 \u00a0 \u00a0 \u00a0 \u00a0 \u00a0 \u00a0 \u00a0 \u00a0 \u00a0 \u00a0 \u00a0 \u00a0 \u00a0 \u00a0 \u00a0 \u00a0 \u00a0 \u00a0 \u00a0 \u00a0 \u00a0 \u00a0 \u00a0 \u00a0 \u00a0 \u00a0 \u00a0 \u00a0 \u00a0 \u00a0 \u00a0 \u00a0 \u00a0\u00a0 Erling Poulsen, modtager genvalg<\/p>\n<p style=\"padding-left: 600px;\">Valg: 2 suppleanter<\/p>\n<p style=\"text-align: left; padding-left: 600px;\">P\u00e5 valg er:\u00a0 Anette Astrup, modtager genvalg<\/p>\n<p style=\"text-align: left; padding-left: 480px;\">\u00a0 \u00a0 \u00a0 \u00a0 \u00a0 \u00a0 \u00a0 \u00a0 \u00a0 \u00a0 \u00a0 \u00a0 \u00a0 \u00a0 \u00a0 \u00a0 \u00a0 \u00a0 \u00a0 \u00a0 \u00a0 \u00a0 \u00a0 \u00a0 J\u00f8rgen Hansen, modtager genvalg<\/p>\n<p style=\"text-align: left; padding-left: 540px;\">\u00a0 \u00a0 \u00a0 \u00a0 \u00a0 \u00a0 \u00a0\u00a0 Valg af revisor og revisorsuppleant:<\/p>\n<p style=\"padding-left: 600px;\">P\u00e5 valg som revisor er:\u00a0 Tove Pedersen, modtager genvalg<\/p>\n<p style=\"padding-left: 450px;\">\u00a0 \u00a0 \u00a0 \u00a0 \u00a0 \u00a0 \u00a0 \u00a0 \u00a0 \u00a0 \u00a0 \u00a0 \u00a0 \u00a0 \u00a0 \u00a0 \u00a0 \u00a0 P\u00e5 valg som revisorsuppleant er:\u00a0 Preben S\u00f8egaard, modtager genvalg<\/p>\n<p style=\"text-align: left; padding-left: 570px;\">\u00a07. Eventuelt<\/p>\n","protected":false},"excerpt":{"rendered":"<p>Hermed indkaldes til\u00a0 ordin\u00e6r generalforsamling i Sognehuset, Kirketoft 2 mandag den 26. marts 2018 kl. 19:00 Eventuelle forslag skal v\u00e6re formanden i h\u00e6nde senest 7 dage f\u00f8r generalforsamlingen. Forslag til vedt\u00e6gts\u00e6ndringer dog 1 m\u00e5ned f\u00f8r. Efter generalforsamlingen er der foredrag ved Gunnar Ebbesen En guidet tur: &#8220;fra Slotsm\u00f8llen til L\u00e5sbyh\u00f8j&#8221; Af hensyn til traktement bedes [&hellip;]<\/p>\n","protected":false},"author":1,"featured_media":0,"parent":0,"menu_order":0,"comment_status":"closed","ping_status":"closed","template":"","meta":{"footnotes":""},"class_list":["post-1741","page","type-page","status-publish","czr-hentry"],"_links":{"self":[{"href":"https:\/\/seestlokalhistoriskeforening.dk\/index.php?rest_route=\/wp\/v2\/pages\/1741","targetHints":{"allow":["GET"]}}],"collection":[{"href":"https:\/\/seestlokalhistoriskeforening.dk\/index.php?rest_route=\/wp\/v2\/pages"}],"about":[{"href":"https:\/\/seestlokalhistoriskeforening.dk\/index.php?rest_route=\/wp\/v2\/types\/page"}],"author":[{"embeddable":true,"href":"https:\/\/seestlokalhistoriskeforening.dk\/index.php?rest_route=\/wp\/v2\/users\/1"}],"replies":[{"embeddable":true,"href":"https:\/\/seestlokalhistoriskeforening.dk\/index.php?rest_route=%2Fwp%2Fv2%2Fcomments&post=1741"}],"version-history":[{"count":13,"href":"https:\/\/seestlokalhistoriskeforening.dk\/index.php?rest_route=\/wp\/v2\/pages\/1741\/revisions"}],"predecessor-version":[{"id":1898,"href":"https:\/\/seestlokalhistoriskeforening.dk\/index.php?rest_route=\/wp\/v2\/pages\/1741\/revisions\/1898"}],"wp:attachment":[{"href":"https:\/\/seestlokalhistoriskeforening.dk\/index.php?rest_route=%2Fwp%2Fv2%2Fmedia&parent=1741"}],"curies":[{"name":"wp","href":"https:\/\/api.w.org\/{rel}","templated":true}]}}