{"id":1298,"date":"2016-05-27T08:00:05","date_gmt":"2016-05-27T08:00:05","guid":{"rendered":"https:\/\/seestlokalhistoriskeforening.dk\/?page_id=1298"},"modified":"2016-11-16T14:55:43","modified_gmt":"2016-11-16T14:55:43","slug":"2012-2","status":"publish","type":"page","link":"https:\/\/seestlokalhistoriskeforening.dk\/?page_id=1298","title":{"rendered":"2012"},"content":{"rendered":"<p style=\"text-align: left;\">\u00a02012<\/p>\n<p style=\"text-align: left;\">Den 7. marts blev foreningens f\u00f8rste aktivitet gennemf\u00f8rt med et bes\u00f8g p\u00e5 Bakkeskolen, der i 2011 havde kontaktet sognepr\u00e6sten Kristina Nilsson i forbindelse med to femteklassers \u00f8nske om at h\u00f8re om det gamle Seest. Kristina Nilsson henvendte sig til Arne Hansen, der var kendt i Seest, om det havde hans interesse at medvirke ved et s\u00e5dan arrangement. Arne Hansen henvendte sig videre til J\u00f8rgen Hansen, der var f\u00f8dt p\u00e5 Seest Bakke og havde stor viden om bl. a. Seest.<\/p>\n<p style=\"text-align: left;\">Oprindelig skulle arrangementet foreg\u00e5 med en vandretur rundt i Seest, men da det gamle Seest mere eller mindre ikke mere er eksisterende, enedes man om at vise lysbilleder p\u00e5 skolen og der ud fra kommentere billederne.<\/p>\n<p style=\"text-align: left;\">&#8212;&#8212;&#8212;-<\/p>\n<p style=\"text-align: left;\">Den 19. april blev foreningens anden aktivitet &#8216;Bakketuren&#8217; gennemf\u00f8rt, hvilket vil sige, f\u00f8rste del af turen, der var en guidet tur op ad Seest Bakke med udgangspunkt i Munkensdam. Guider p\u00e5 turen var Arne og J\u00f8rgen Hansen.<\/p>\n<p style=\"text-align: left;\">80 deltog p\u00e5 turen, der udelukkende var koncentreret om de forretninger og virksomheder, der tidligere havde deres udkomme p\u00e5 Seest Bakke, der indtil 1957 ben\u00e6vnes T\u00f8ndervej. Is\u00e6r k\u00f8bm\u00e6ndene dominerede billedet af forretningsdrivende.<\/p>\n<p style=\"text-align: left;\">Turen sluttede ved \u00c5kj\u00e6rsvej, hvorefter deltagerne samledes i sognehuset til kaffe og billedfremvisning af de gamle forretninger og virksomheder.<\/p>\n<p style=\"text-align: left;\">Billeder fra turen kan ses p\u00e5 arkivet. De gamle billeder findes p\u00e5 usb stik, ligeledes p\u00e5 arkivet.<\/p>\n<p style=\"text-align: left;\"><a href=\"https:\/\/seestlokalhistoriskeforening.dk\/?attachment_id=1310\" rel=\"attachment wp-att-1310\"><img loading=\"lazy\" decoding=\"async\" class=\"alignleft wp-image-1310\" src=\"https:\/\/seestlokalhistoriskeforening.dk\/wp-content\/uploads\/2016\/05\/Munkensdam-300x193.jpg\" alt=\"Munkensdam\" width=\"250\" height=\"161\" srcset=\"https:\/\/seestlokalhistoriskeforening.dk\/wp-content\/uploads\/2016\/05\/Munkensdam-300x193.jpg 300w, https:\/\/seestlokalhistoriskeforening.dk\/wp-content\/uploads\/2016\/05\/Munkensdam-768x494.jpg 768w, https:\/\/seestlokalhistoriskeforening.dk\/wp-content\/uploads\/2016\/05\/Munkensdam-1024x658.jpg 1024w, https:\/\/seestlokalhistoriskeforening.dk\/wp-content\/uploads\/2016\/05\/Munkensdam.jpg 1120w\" sizes=\"auto, (max-width: 250px) 100vw, 250px\" \/><\/a><a href=\"https:\/\/seestlokalhistoriskeforening.dk\/?attachment_id=1304\" rel=\"attachment wp-att-1304\"><img loading=\"lazy\" decoding=\"async\" class=\"alignleft wp-image-1304\" src=\"https:\/\/seestlokalhistoriskeforening.dk\/wp-content\/uploads\/2016\/05\/no.-4b-Vesterringgade-300x225.jpg\" alt=\"no. 4b Vesterringgade\" width=\"250\" height=\"188\" srcset=\"https:\/\/seestlokalhistoriskeforening.dk\/wp-content\/uploads\/2016\/05\/no.-4b-Vesterringgade-300x225.jpg 300w, https:\/\/seestlokalhistoriskeforening.dk\/wp-content\/uploads\/2016\/05\/no.-4b-Vesterringgade-768x576.jpg 768w, https:\/\/seestlokalhistoriskeforening.dk\/wp-content\/uploads\/2016\/05\/no.-4b-Vesterringgade-1024x768.jpg 1024w\" sizes=\"auto, (max-width: 250px) 100vw, 250px\" \/><\/a><a href=\"https:\/\/seestlokalhistoriskeforening.dk\/?attachment_id=1311\" rel=\"attachment wp-att-1311\"><img loading=\"lazy\" decoding=\"async\" class=\"alignleft wp-image-1311\" src=\"https:\/\/seestlokalhistoriskeforening.dk\/wp-content\/uploads\/2016\/05\/Vitus-Kelvang-300x188.jpg\" alt=\"Vitus Kelvang\" width=\"250\" height=\"156\" srcset=\"https:\/\/seestlokalhistoriskeforening.dk\/wp-content\/uploads\/2016\/05\/Vitus-Kelvang-300x188.jpg 300w, https:\/\/seestlokalhistoriskeforening.dk\/wp-content\/uploads\/2016\/05\/Vitus-Kelvang-768x480.jpg 768w, https:\/\/seestlokalhistoriskeforening.dk\/wp-content\/uploads\/2016\/05\/Vitus-Kelvang-1024x640.jpg 1024w\" sizes=\"auto, (max-width: 250px) 100vw, 250px\" \/><\/a><a href=\"https:\/\/seestlokalhistoriskeforening.dk\/?attachment_id=1305\" rel=\"attachment wp-att-1305\"><img loading=\"lazy\" decoding=\"async\" class=\"alignleft wp-image-1305\" src=\"https:\/\/seestlokalhistoriskeforening.dk\/wp-content\/uploads\/2016\/05\/no.-26-Seest-Bakke-7a-c-d-e-2012-300x225.jpg\" alt=\"no. 26 Seest Bakke 7a-c-d-e 2012\" width=\"250\" height=\"188\" srcset=\"https:\/\/seestlokalhistoriskeforening.dk\/wp-content\/uploads\/2016\/05\/no.-26-Seest-Bakke-7a-c-d-e-2012-300x225.jpg 300w, https:\/\/seestlokalhistoriskeforening.dk\/wp-content\/uploads\/2016\/05\/no.-26-Seest-Bakke-7a-c-d-e-2012-768x576.jpg 768w, https:\/\/seestlokalhistoriskeforening.dk\/wp-content\/uploads\/2016\/05\/no.-26-Seest-Bakke-7a-c-d-e-2012-1024x768.jpg 1024w\" sizes=\"auto, (max-width: 250px) 100vw, 250px\" \/><\/a><a href=\"https:\/\/seestlokalhistoriskeforening.dk\/?attachment_id=1306\" rel=\"attachment wp-att-1306\"><img loading=\"lazy\" decoding=\"async\" class=\"alignleft wp-image-1306\" src=\"https:\/\/seestlokalhistoriskeforening.dk\/wp-content\/uploads\/2016\/05\/no.-34-K\u00f8bmand-Olsen-i-30erne-300x290.jpg\" alt=\"no. 34 K\u00f8bmand Olsen i 30erne\" width=\"250\" height=\"241\" srcset=\"https:\/\/seestlokalhistoriskeforening.dk\/wp-content\/uploads\/2016\/05\/no.-34-K\u00f8bmand-Olsen-i-30erne-300x290.jpg 300w, https:\/\/seestlokalhistoriskeforening.dk\/wp-content\/uploads\/2016\/05\/no.-34-K\u00f8bmand-Olsen-i-30erne-768x741.jpg 768w, https:\/\/seestlokalhistoriskeforening.dk\/wp-content\/uploads\/2016\/05\/no.-34-K\u00f8bmand-Olsen-i-30erne-1024x988.jpg 1024w, https:\/\/seestlokalhistoriskeforening.dk\/wp-content\/uploads\/2016\/05\/no.-34-K\u00f8bmand-Olsen-i-30erne.jpg 1201w\" sizes=\"auto, (max-width: 250px) 100vw, 250px\" \/><\/a><a href=\"https:\/\/seestlokalhistoriskeforening.dk\/?attachment_id=1307\" rel=\"attachment wp-att-1307\"><img loading=\"lazy\" decoding=\"async\" class=\"alignleft wp-image-1307\" src=\"https:\/\/seestlokalhistoriskeforening.dk\/wp-content\/uploads\/2016\/05\/no.-34a-K\u00f8bmd-Devantier-300x195.jpg\" alt=\"no. 34a K\u00f8bmd Devantier\" width=\"250\" height=\"163\" srcset=\"https:\/\/seestlokalhistoriskeforening.dk\/wp-content\/uploads\/2016\/05\/no.-34a-K\u00f8bmd-Devantier-300x195.jpg 300w, https:\/\/seestlokalhistoriskeforening.dk\/wp-content\/uploads\/2016\/05\/no.-34a-K\u00f8bmd-Devantier-768x500.jpg 768w, https:\/\/seestlokalhistoriskeforening.dk\/wp-content\/uploads\/2016\/05\/no.-34a-K\u00f8bmd-Devantier-1024x666.jpg 1024w, https:\/\/seestlokalhistoriskeforening.dk\/wp-content\/uploads\/2016\/05\/no.-34a-K\u00f8bmd-Devantier.jpg 1801w\" sizes=\"auto, (max-width: 250px) 100vw, 250px\" \/><\/a><a href=\"https:\/\/seestlokalhistoriskeforening.dk\/?attachment_id=1309\" rel=\"attachment wp-att-1309\"><img loading=\"lazy\" decoding=\"async\" class=\"wp-image-1309 alignnone\" src=\"https:\/\/seestlokalhistoriskeforening.dk\/wp-content\/uploads\/2016\/05\/no.-50a-Hauchsvej-M\u00f8llen-p\u00e5-fotos.-208x300.jpg\" alt=\"no. 50a Hauchsvej-M\u00f8llen p\u00e5 fotos.\" width=\"250\" height=\"361\" srcset=\"https:\/\/seestlokalhistoriskeforening.dk\/wp-content\/uploads\/2016\/05\/no.-50a-Hauchsvej-M\u00f8llen-p\u00e5-fotos.-208x300.jpg 208w, https:\/\/seestlokalhistoriskeforening.dk\/wp-content\/uploads\/2016\/05\/no.-50a-Hauchsvej-M\u00f8llen-p\u00e5-fotos.-709x1024.jpg 709w, https:\/\/seestlokalhistoriskeforening.dk\/wp-content\/uploads\/2016\/05\/no.-50a-Hauchsvej-M\u00f8llen-p\u00e5-fotos..jpg 720w\" sizes=\"auto, (max-width: 250px) 100vw, 250px\" \/><\/a><\/p>\n<div style=\"text-align: left;\"><\/div>\n<div style=\"text-align: left;\"><\/div>\n<div style=\"text-align: left;\"><\/div>\n<div style=\"text-align: left;\"><\/div>\n<div style=\"text-align: left;\"><\/div>\n<div style=\"text-align: left;\"><\/div>\n<div style=\"text-align: left;\"><\/div>\n<div style=\"text-align: left;\"><\/div>\n<div style=\"text-align: left;\"><\/div>\n<div style=\"text-align: left;\"><\/div>\n<div style=\"text-align: left;\"><\/div>\n<div style=\"text-align: left;\"><\/div>\n<div style=\"text-align: left;\"><\/div>\n<div style=\"text-align: left;\"><\/div>\n<div style=\"text-align: left;\"><\/div>\n<div style=\"text-align: left;\"><\/div>\n<div style=\"text-align: left;\"><\/div>\n<div style=\"text-align: left;\"><\/div>\n<div style=\"text-align: left;\"><\/div>\n<div style=\"text-align: left;\"><\/div>\n<div style=\"text-align: left;\"><\/div>\n<div style=\"text-align: left;\"><\/div>\n<div style=\"text-align: left;\"><\/div>\n<div style=\"text-align: left;\"><\/div>\n<div style=\"text-align: left;\"><\/div>\n<div style=\"text-align: left;\"><\/div>\n<div style=\"text-align: left;\"><\/div>\n<div style=\"text-align: left;\"><\/div>\n<div style=\"text-align: left;\"><\/div>\n<div style=\"text-align: left;\"><\/div>\n<div style=\"text-align: left;\"><\/div>\n<div style=\"text-align: left;\"><\/div>\n<div style=\"text-align: left;\"><\/div>\n<div style=\"text-align: left;\"><\/div>\n<div style=\"text-align: left;\"><\/div>\n<div style=\"text-align: left;\"><\/div>\n<div style=\"text-align: left;\"><\/div>\n<p style=\"text-align: left;\">Den 13. juni blev anden del af &#8216;Bakketuren&#8217; gennemf\u00f8rt. Udgangspunktet var ved sognehuset, hvor 40 deltagere m\u00f8dte op. Guide p\u00e5 turen var J\u00f8rgen Hansen.<\/p>\n<p style=\"text-align: left;\">F\u00f8rste del af turen var fort\u00e6llingen om kirken, skolerne og forsamlingshuset. Herefter gik turen ad Bredevej til Holbergsvej og ud til Seestvej. Som p\u00e5 Seest Bakke var ogs\u00e5 k\u00f8bm\u00e6ndene de dominerende i billedet p\u00e5 Seestvej. Turen sluttede i sognehuset med kaffe og billedfremvisning. Billeder fra turen kan ses p\u00e5 arkivet.<\/p>\n<p style=\"text-align: left;\">&#8212;&#8212;&#8212;-<\/p>\n<p style=\"text-align: left;\">Den 17. sept. var der bes\u00f8g p\u00e5 Gr\u00e6nsemuseet, hvor museets formand Kaj Nielsen fortalte om s\u00e5vel museet som arkivalierne p\u00e5 stedet. Ca. 20 medlemmer deltog.<\/p>\n<p style=\"text-align: left;\">&#8212;&#8212;&#8212;-<\/p>\n<p style=\"text-align: left;\">Onsdag den 21. nov. samarbejdede foreningen med Lokalhistorisk Forening for Kolding og Omegn om et foredrag af Per Thornberg. Emnet: <em>Seestegnens historie &#8211; fra istid til f\u00f8r nutid. <\/em>Per Thornberg fortalte og illustrerede via PowerPoint, om Seest egnens geologiske tilblivelse og de ark\u00e6ologiske spor fra tidligere bos\u00e6ttelser. Der blev fortalt om Seest omtumlede sk\u00e6bne med hensyn til udvidelser med Vranderup omr\u00e5det fra Harte sogn og det senere tab af store sognedele til Kristkirkens Sogn. B\u00f8rnenes skolegang i Seest samt sagn myter fra Seest Sogn var p\u00e5 programmet. Foredraget tiltrak flere end 100 deltagere.<\/p>\n<p style=\"text-align: left;\">Referat fra m\u00f8det kan ses p\u00e5 Lokalhistorisk Forening for Kolding og omegns hjemmeside, da Seest Lokalhistoriske Forening ikke havde en referent til stede.<\/p>\n<p style=\"text-align: left;\"><a href=\"https:\/\/seestlokalhistoriskeforening.dk\/?attachment_id=1389\" rel=\"attachment wp-att-1389\"><img loading=\"lazy\" decoding=\"async\" class=\"alignleft size-thumbnail wp-image-1389\" src=\"https:\/\/seestlokalhistoriskeforening.dk\/wp-content\/uploads\/2016\/11\/2012-11-21-001-Seest-Lokalhist-150x150.jpg\" alt=\"2012-11-21-001-seest-lokalhist\" width=\"150\" height=\"150\" \/><\/a> <a href=\"https:\/\/seestlokalhistoriskeforening.dk\/?attachment_id=1390\" rel=\"attachment wp-att-1390\"><img loading=\"lazy\" decoding=\"async\" class=\"alignleft size-thumbnail wp-image-1390\" src=\"https:\/\/seestlokalhistoriskeforening.dk\/wp-content\/uploads\/2016\/11\/2012-11-21-002-Seest-Lokalhist-150x150.jpg\" alt=\"2012-11-21-002-seest-lokalhist\" width=\"150\" height=\"150\" \/><\/a> <a href=\"https:\/\/seestlokalhistoriskeforening.dk\/?attachment_id=1391\" rel=\"attachment wp-att-1391\"><img loading=\"lazy\" decoding=\"async\" class=\"alignleft size-thumbnail wp-image-1391\" src=\"https:\/\/seestlokalhistoriskeforening.dk\/wp-content\/uploads\/2016\/11\/2012-11-21-003-Seest-Lokalhist-150x150.jpg\" alt=\"2012-11-21-003-seest-lokalhist\" width=\"150\" height=\"150\" \/><\/a> <a href=\"https:\/\/seestlokalhistoriskeforening.dk\/?attachment_id=1392\" rel=\"attachment wp-att-1392\"><img loading=\"lazy\" decoding=\"async\" class=\"alignleft size-thumbnail wp-image-1392\" src=\"https:\/\/seestlokalhistoriskeforening.dk\/wp-content\/uploads\/2016\/11\/2012-11-21-004-Seest-Lokalhist-150x150.jpg\" alt=\"2012-11-21-004-seest-lokalhist\" width=\"150\" height=\"150\" \/><\/a> <a href=\"https:\/\/seestlokalhistoriskeforening.dk\/?attachment_id=1393\" rel=\"attachment wp-att-1393\"><img loading=\"lazy\" decoding=\"async\" class=\"alignleft size-thumbnail wp-image-1393\" src=\"https:\/\/seestlokalhistoriskeforening.dk\/wp-content\/uploads\/2016\/11\/2012-11-21-005-Seest-Lokalhist-150x150.jpg\" alt=\"2012-11-21-005-seest-lokalhist\" width=\"150\" height=\"150\" \/><\/a> <a href=\"https:\/\/seestlokalhistoriskeforening.dk\/?attachment_id=1388\" rel=\"attachment wp-att-1388\"><img loading=\"lazy\" decoding=\"async\" class=\"alignleft size-thumbnail wp-image-1388\" src=\"https:\/\/seestlokalhistoriskeforening.dk\/wp-content\/uploads\/2016\/11\/2012-11-21-006-Seest-Lokalhist-150x150.jpg\" alt=\"2012-11-21-006-seest-lokalhist\" width=\"150\" height=\"150\" \/><\/a><\/p>\n<p style=\"text-align: left;\">.<\/p>\n<p style=\"text-align: left;\">.<\/p>\n<p style=\"text-align: left;\">.<\/p>\n<p style=\"text-align: left;\">.<\/p>\n<p style=\"text-align: left;\">.<\/p>\n<p style=\"text-align: left;\">.<\/p>\n<p style=\"text-align: left;\">.<\/p>\n<p style=\"text-align: left;\">.<\/p>\n<p style=\"text-align: left;\">.<\/p>\n<p style=\"text-align: left;\">.<\/p>\n<p style=\"text-align: left;\">.<\/p>\n<p style=\"text-align: left;\">.<\/p>\n<p style=\"text-align: left;\">.<\/p>\n<p style=\"text-align: left;\">Den 25. nov. deltog foreningen ved Borgerforeningens julearrangement ved Rema 1000. Flere foreninger og private havde bod i teltet denne regnfulde l\u00f8rdag. Trods det d\u00e5rlige vejr havde mange fundet vej til teltet, der var sl\u00e5et op p\u00e5 parkeringspladsen. Flere end 100 personer deltog i foreningens konkurrence om v\u00e6gten p\u00e5 et glas med m\u00f8nter i. Glasset og billeder fra dagen kan ses p\u00e5 arkivet.<\/p>\n<p style=\"text-align: left;\"><a href=\"https:\/\/seestlokalhistoriskeforening.dk\/?attachment_id=1324\" rel=\"attachment wp-att-1324\"><img loading=\"lazy\" decoding=\"async\" class=\"alignleft wp-image-1324\" src=\"https:\/\/seestlokalhistoriskeforening.dk\/wp-content\/uploads\/2016\/05\/P1050790-300x225.jpg\" alt=\"P1050790\" width=\"250\" height=\"188\" srcset=\"https:\/\/seestlokalhistoriskeforening.dk\/wp-content\/uploads\/2016\/05\/P1050790-300x225.jpg 300w, https:\/\/seestlokalhistoriskeforening.dk\/wp-content\/uploads\/2016\/05\/P1050790-768x576.jpg 768w, https:\/\/seestlokalhistoriskeforening.dk\/wp-content\/uploads\/2016\/05\/P1050790-1024x768.jpg 1024w\" sizes=\"auto, (max-width: 250px) 100vw, 250px\" \/><\/a><a href=\"https:\/\/seestlokalhistoriskeforening.dk\/?attachment_id=1323\" rel=\"attachment wp-att-1323\"><img loading=\"lazy\" decoding=\"async\" class=\"wp-image-1323 alignright\" src=\"https:\/\/seestlokalhistoriskeforening.dk\/wp-content\/uploads\/2016\/05\/P1050788-300x225.jpg\" alt=\"P1050788\" width=\"250\" height=\"188\" srcset=\"https:\/\/seestlokalhistoriskeforening.dk\/wp-content\/uploads\/2016\/05\/P1050788-300x225.jpg 300w, https:\/\/seestlokalhistoriskeforening.dk\/wp-content\/uploads\/2016\/05\/P1050788-768x576.jpg 768w, https:\/\/seestlokalhistoriskeforening.dk\/wp-content\/uploads\/2016\/05\/P1050788-1024x768.jpg 1024w\" sizes=\"auto, (max-width: 250px) 100vw, 250px\" \/><\/a><\/p>\n<p style=\"text-align: left;\"><a href=\"https:\/\/seestlokalhistoriskeforening.dk\/?attachment_id=1325\" rel=\"attachment wp-att-1325\"><img loading=\"lazy\" decoding=\"async\" class=\"aligncenter wp-image-1325\" src=\"https:\/\/seestlokalhistoriskeforening.dk\/wp-content\/uploads\/2016\/05\/P1050796-300x225.jpg\" alt=\"P1050796\" width=\"250\" height=\"188\" srcset=\"https:\/\/seestlokalhistoriskeforening.dk\/wp-content\/uploads\/2016\/05\/P1050796-300x225.jpg 300w, https:\/\/seestlokalhistoriskeforening.dk\/wp-content\/uploads\/2016\/05\/P1050796-768x576.jpg 768w, https:\/\/seestlokalhistoriskeforening.dk\/wp-content\/uploads\/2016\/05\/P1050796-1024x768.jpg 1024w\" sizes=\"auto, (max-width: 250px) 100vw, 250px\" \/><\/a><\/p>\n<div style=\"text-align: left;\"><\/div>\n<div style=\"text-align: left;\"><\/div>\n<div style=\"text-align: left;\"><\/div>\n<div style=\"text-align: left;\"><\/div>\n<div style=\"text-align: left;\"><\/div>\n<div style=\"text-align: left;\"><\/div>\n<div style=\"text-align: left;\"><\/div>\n<div style=\"text-align: left;\"><\/div>\n<div style=\"text-align: left;\"><\/div>\n<div style=\"text-align: left;\"><\/div>\n<div style=\"text-align: left;\"><\/div>\n<div style=\"text-align: left;\"><\/div>\n<div style=\"text-align: left;\"><\/div>\n<div style=\"text-align: left;\"><\/div>\n<div style=\"text-align: left;\"><\/div>\n<p style=\"text-align: left;\">___________<\/p>\n<p style=\"text-align: left;\">Den 6. dec. afholdt foreningen julestue i sognehuset. Efter historiel\u00e6sning af sognepr\u00e6sten Kristina Nilsson var der \u00e6bleskiver og gl\u00f8gg Ca. 25 havde denne aften fundet vej til sognehuset.<\/p>\n<p style=\"text-align: left;\">&#8212;&#8212;&#8212;-<\/p>\n","protected":false},"excerpt":{"rendered":"<p>\u00a02012 Den 7. marts blev foreningens f\u00f8rste aktivitet gennemf\u00f8rt med et bes\u00f8g p\u00e5 Bakkeskolen, der i 2011 havde kontaktet sognepr\u00e6sten Kristina Nilsson i forbindelse med to femteklassers \u00f8nske om at h\u00f8re om det gamle Seest. Kristina Nilsson henvendte sig til Arne Hansen, der var kendt i Seest, om det havde hans interesse at medvirke ved [&hellip;]<\/p>\n","protected":false},"author":1,"featured_media":0,"parent":0,"menu_order":0,"comment_status":"closed","ping_status":"closed","template":"","meta":{"footnotes":""},"class_list":["post-1298","page","type-page","status-publish","czr-hentry"],"_links":{"self":[{"href":"https:\/\/seestlokalhistoriskeforening.dk\/index.php?rest_route=\/wp\/v2\/pages\/1298","targetHints":{"allow":["GET"]}}],"collection":[{"href":"https:\/\/seestlokalhistoriskeforening.dk\/index.php?rest_route=\/wp\/v2\/pages"}],"about":[{"href":"https:\/\/seestlokalhistoriskeforening.dk\/index.php?rest_route=\/wp\/v2\/types\/page"}],"author":[{"embeddable":true,"href":"https:\/\/seestlokalhistoriskeforening.dk\/index.php?rest_route=\/wp\/v2\/users\/1"}],"replies":[{"embeddable":true,"href":"https:\/\/seestlokalhistoriskeforening.dk\/index.php?rest_route=%2Fwp%2Fv2%2Fcomments&post=1298"}],"version-history":[{"count":13,"href":"https:\/\/seestlokalhistoriskeforening.dk\/index.php?rest_route=\/wp\/v2\/pages\/1298\/revisions"}],"predecessor-version":[{"id":1396,"href":"https:\/\/seestlokalhistoriskeforening.dk\/index.php?rest_route=\/wp\/v2\/pages\/1298\/revisions\/1396"}],"wp:attachment":[{"href":"https:\/\/seestlokalhistoriskeforening.dk\/index.php?rest_route=%2Fwp%2Fv2%2Fmedia&parent=1298"}],"curies":[{"name":"wp","href":"https:\/\/api.w.org\/{rel}","templated":true}]}}