{"id":1167,"date":"2016-02-14T08:54:51","date_gmt":"2016-02-14T08:54:51","guid":{"rendered":"https:\/\/seestlokalhistoriskeforening.dk\/?page_id=1167"},"modified":"2016-03-17T18:17:41","modified_gmt":"2016-03-17T18:17:41","slug":"generalforsamling-2016-2","status":"publish","type":"page","link":"https:\/\/seestlokalhistoriskeforening.dk\/?page_id=1167","title":{"rendered":"Generalforsamling 2016"},"content":{"rendered":"<h3 style=\"text-align: center;\"><strong>Generalforsamling 2016<\/strong><\/h3>\n<p>&nbsp;<\/p>\n<p>Seest Lokalhistoriske Forening afholdt den 7. marts 2016 den \u00e5rlige generalforsamling i Sognehuset Kirketoft 2, Seest. Med et fremm\u00f8de p\u00e5 50 tilmeldte b\u00f8d ordf\u00f8rer for bestyrelsen J\u00f8rgen Hansen de mange medlemmer velkommen.<\/p>\n<p>M\u00f8det blev indledt med sangen: <strong><em>N\u00e5r vinteren rinder i gr\u00f8ft og i grav<\/em><\/strong>, hvortil Knud S\u00f8rensen spillede. Herefter blev dagsordenen fremlagt.<\/p>\n<p>Bestyrelsen anbefalede Per Thornberg som dirigent, der enstemmigt blev valgt.<\/p>\n<p>Under punkt 2, beretningen, blev der lagt stor v\u00e6gt p\u00e5 den store betydning medlemmernes opbakning havde for lysten og interessen til foreningsarbejdet. Der havde i 2015 v\u00e6ret afholdt 8 arrangementer med i alt 296 deltagere. Bestyrelsen tog opbakningen til indt\u00e6gt for, at foreningen blev ledet p\u00e5 fornuftig vis, at der var styr p\u00e5 \u00f8konomien, at samarbejdet med sognehuset og menighedsr\u00e5det fungerede fint.<\/p>\n<p>Fremadrettet vil foreningen forts\u00e6tte med at arrangere foredrag og ture i den sk\u00f8nne natur i Seest. Ogs\u00e5 bes\u00f8g p\u00e5 virksomheder mv. er i st\u00f8beskeen. Foreningen h\u00f8rer gerne fra tidligere borgere, der har haft tilknytning til Seest, for evt. at deltage i \u201dHvor blev de af\u201d?<\/p>\n<p>Desv\u00e6rre har bes\u00f8gstallet p\u00e5 arkivet ikke v\u00e6ret som man kunne \u00f8nske sig. Arkivet har indtil videre \u00e5bent den f\u00f8rste tirsdag i m\u00e5neden fra kl. 16.00 til 18.00.<\/p>\n<p>Af nye tiltag kan n\u00e6vnes, at foreningen er blevet medlem af SLA, der er en sammenslutning af lokalarkiverne. Foreningen har f\u00e5et sit eget CVR nr. Foreningen uddanner i \u00f8jeblikket en arkivar. Loven om digital post er efterkommet. Foreningen s\u00f8ger om optagelse i lokalarkiverne i Kolding kommune. Efter beretningen blev der vist billeder fra de mange arrangementer.<\/p>\n<p>Punkt 3. Regnskab og budget: begge punkter blev godkendt.<\/p>\n<p>Punkt 4. Vedt\u00e6gts\u00e6ndringer: godkendt. Vedt\u00e6gter og \u00e6ndringer ses p\u00e5 hjemmesiden.<\/p>\n<p>Punkt 5.\u00a0Til bestyrelsen genvalgtes Torben Pedersen og Erling Poulsen for 2 \u00e5r og<strong>\u00a0<\/strong>Tove Poulsen. for 1 \u00e5r.<strong>\u00a0<\/strong>Efter eget \u00f8nske udtr\u00e5dte Kamma Rasmussen af bestyrelsen.<\/p>\n<p>Til bestyrelsen valgtes: Arne Hansen, Erling Poulsen, Klaus Astrup, Torben Pedersen og Tove Poulsen.<\/p>\n<p>Til bestyrelssuppleanter var der genvalg til: Anette Astrup og J\u00f8rgen Hansen.<\/p>\n<p>Til revisor var der genvalg til: Tove Pedersen.<\/p>\n<p>Til revisorsuppleant var der genvalg til: Per Thornberg.<\/p>\n<p>Punkt 6. Evt.<\/p>\n<p>Under evt. blev der bl.a. spurgt ind til arkivets berettigelse. Bestyrelsen fastholder arkivets fortsatte eksistensberettigelse. Dirigenten gav herefter ordet til ordf\u00f8reren, der sluttede generalforsamlingen af med rosende ord til s\u00e5vel medlemmerne som de mange, der i l\u00f8bet af s\u00e6sonen havde ydet en ekstra indsats for foreningen.<\/p>\n<p>&nbsp;<\/p>\n<p>Efter generalforsamlingen var der foredrag ved Gunnar Ebbesen under titlen <strong><em>De Tyske flygtninge i Danmark 1945-1949<\/em><\/strong><em>.<\/em> Per Thornberg og Gunnar Ebbesen modtog, for deres medvirkning, en lille present. Aftenen sluttede med sangen: <strong><em>En l\u00e6rke letted\u00b4 og tusind fulgte<\/em><\/strong><em>, <\/em>hvortil Knud S\u00f8rensen spillede.<\/p>\n<p>P\u00e5 bestyrelsens vegne<\/p>\n<p>J\u00f8rgen Hansen<\/p>\n<p>&nbsp;<\/p>\n<p><a href=\"https:\/\/seestlokalhistoriskeforening.dk\/wp-content\/uploads\/2016\/02\/DSC4002.jpg\"><img loading=\"lazy\" decoding=\"async\" class=\"alignleft size-medium wp-image-1222\" src=\"https:\/\/seestlokalhistoriskeforening.dk\/wp-content\/uploads\/2016\/02\/DSC4002-300x200.jpg\" alt=\"_DSC4002\" width=\"300\" height=\"200\" srcset=\"https:\/\/seestlokalhistoriskeforening.dk\/wp-content\/uploads\/2016\/02\/DSC4002-300x200.jpg 300w, https:\/\/seestlokalhistoriskeforening.dk\/wp-content\/uploads\/2016\/02\/DSC4002.jpg 448w\" sizes=\"auto, (max-width: 300px) 100vw, 300px\" \/><\/a><a href=\"https:\/\/seestlokalhistoriskeforening.dk\/wp-content\/uploads\/2016\/02\/DSC4001.jpg\"><img loading=\"lazy\" decoding=\"async\" class=\"alignleft size-medium wp-image-1221\" src=\"https:\/\/seestlokalhistoriskeforening.dk\/wp-content\/uploads\/2016\/02\/DSC4001-300x200.jpg\" alt=\"_DSC4001\" width=\"300\" height=\"200\" srcset=\"https:\/\/seestlokalhistoriskeforening.dk\/wp-content\/uploads\/2016\/02\/DSC4001-300x200.jpg 300w, https:\/\/seestlokalhistoriskeforening.dk\/wp-content\/uploads\/2016\/02\/DSC4001.jpg 448w\" sizes=\"auto, (max-width: 300px) 100vw, 300px\" \/><\/a><a href=\"https:\/\/seestlokalhistoriskeforening.dk\/wp-content\/uploads\/2016\/02\/DSC4003.jpg\"><img loading=\"lazy\" decoding=\"async\" class=\"alignleft size-medium wp-image-1223\" src=\"https:\/\/seestlokalhistoriskeforening.dk\/wp-content\/uploads\/2016\/02\/DSC4003-300x200.jpg\" alt=\"_DSC4003\" width=\"300\" height=\"200\" srcset=\"https:\/\/seestlokalhistoriskeforening.dk\/wp-content\/uploads\/2016\/02\/DSC4003-300x200.jpg 300w, https:\/\/seestlokalhistoriskeforening.dk\/wp-content\/uploads\/2016\/02\/DSC4003.jpg 448w\" sizes=\"auto, (max-width: 300px) 100vw, 300px\" \/><\/a><a href=\"https:\/\/seestlokalhistoriskeforening.dk\/wp-content\/uploads\/2016\/02\/DSC4005.jpg\"><img loading=\"lazy\" decoding=\"async\" class=\"alignleft size-medium wp-image-1225\" src=\"https:\/\/seestlokalhistoriskeforening.dk\/wp-content\/uploads\/2016\/02\/DSC4005-300x200.jpg\" alt=\"_DSC4005\" width=\"300\" height=\"200\" srcset=\"https:\/\/seestlokalhistoriskeforening.dk\/wp-content\/uploads\/2016\/02\/DSC4005-300x200.jpg 300w, https:\/\/seestlokalhistoriskeforening.dk\/wp-content\/uploads\/2016\/02\/DSC4005.jpg 448w\" sizes=\"auto, (max-width: 300px) 100vw, 300px\" \/><\/a><a href=\"https:\/\/seestlokalhistoriskeforening.dk\/wp-content\/uploads\/2016\/02\/DSC4004.jpg\"><img loading=\"lazy\" decoding=\"async\" class=\"alignleft size-medium wp-image-1224\" src=\"https:\/\/seestlokalhistoriskeforening.dk\/wp-content\/uploads\/2016\/02\/DSC4004-300x200.jpg\" alt=\"_DSC4004\" width=\"300\" height=\"200\" srcset=\"https:\/\/seestlokalhistoriskeforening.dk\/wp-content\/uploads\/2016\/02\/DSC4004-300x200.jpg 300w, https:\/\/seestlokalhistoriskeforening.dk\/wp-content\/uploads\/2016\/02\/DSC4004.jpg 448w\" sizes=\"auto, (max-width: 300px) 100vw, 300px\" \/><\/a><a href=\"https:\/\/seestlokalhistoriskeforening.dk\/wp-content\/uploads\/2016\/02\/DSC4006.jpg\"><img loading=\"lazy\" decoding=\"async\" class=\"alignleft size-medium wp-image-1226\" src=\"https:\/\/seestlokalhistoriskeforening.dk\/wp-content\/uploads\/2016\/02\/DSC4006-300x200.jpg\" alt=\"_DSC4006\" width=\"300\" height=\"200\" srcset=\"https:\/\/seestlokalhistoriskeforening.dk\/wp-content\/uploads\/2016\/02\/DSC4006-300x200.jpg 300w, https:\/\/seestlokalhistoriskeforening.dk\/wp-content\/uploads\/2016\/02\/DSC4006.jpg 448w\" sizes=\"auto, (max-width: 300px) 100vw, 300px\" \/><\/a><\/p>\n<p>&nbsp;<\/p>\n","protected":false},"excerpt":{"rendered":"<p>Generalforsamling 2016 &nbsp; Seest Lokalhistoriske Forening afholdt den 7. marts 2016 den \u00e5rlige generalforsamling i Sognehuset Kirketoft 2, Seest. Med et fremm\u00f8de p\u00e5 50 tilmeldte b\u00f8d ordf\u00f8rer for bestyrelsen J\u00f8rgen Hansen de mange medlemmer velkommen. M\u00f8det blev indledt med sangen: N\u00e5r vinteren rinder i gr\u00f8ft og i grav, hvortil Knud S\u00f8rensen spillede. Herefter blev dagsordenen [&hellip;]<\/p>\n","protected":false},"author":1,"featured_media":0,"parent":0,"menu_order":0,"comment_status":"closed","ping_status":"closed","template":"","meta":{"footnotes":""},"class_list":["post-1167","page","type-page","status-publish","czr-hentry"],"_links":{"self":[{"href":"https:\/\/seestlokalhistoriskeforening.dk\/index.php?rest_route=\/wp\/v2\/pages\/1167","targetHints":{"allow":["GET"]}}],"collection":[{"href":"https:\/\/seestlokalhistoriskeforening.dk\/index.php?rest_route=\/wp\/v2\/pages"}],"about":[{"href":"https:\/\/seestlokalhistoriskeforening.dk\/index.php?rest_route=\/wp\/v2\/types\/page"}],"author":[{"embeddable":true,"href":"https:\/\/seestlokalhistoriskeforening.dk\/index.php?rest_route=\/wp\/v2\/users\/1"}],"replies":[{"embeddable":true,"href":"https:\/\/seestlokalhistoriskeforening.dk\/index.php?rest_route=%2Fwp%2Fv2%2Fcomments&post=1167"}],"version-history":[{"count":10,"href":"https:\/\/seestlokalhistoriskeforening.dk\/index.php?rest_route=\/wp\/v2\/pages\/1167\/revisions"}],"predecessor-version":[{"id":1241,"href":"https:\/\/seestlokalhistoriskeforening.dk\/index.php?rest_route=\/wp\/v2\/pages\/1167\/revisions\/1241"}],"wp:attachment":[{"href":"https:\/\/seestlokalhistoriskeforening.dk\/index.php?rest_route=%2Fwp%2Fv2%2Fmedia&parent=1167"}],"curies":[{"name":"wp","href":"https:\/\/api.w.org\/{rel}","templated":true}]}}